{"id":917,"date":"2019-12-30T21:43:42","date_gmt":"2019-12-30T20:43:42","guid":{"rendered":"http:\/\/matematikdidaktik.org\/?page_id=917"},"modified":"2022-03-04T09:08:46","modified_gmt":"2022-03-04T08:08:46","slug":"program-for-madif-12","status":"publish","type":"page","link":"http:\/\/matematikdidaktik.org\/index.php\/program-for-madif-12\/","title":{"rendered":"V\u00e4lkommen till MADIF-12!"},"content":{"rendered":"<h2>Program f\u00f6r Madif-12<\/h2>\n<p>\u00c5rets tema \u00e4r <strong>Sustainable mathematics education in a digitalized World<\/strong>, men du kommer att m\u00f6ta m\u00e5nga andra sp\u00e4nnande inriktningar bland konferensbidragen. Nedan finner du ett detaljerat program med presentat\u00f6rer, bidrag och salsangivelser. (FP betyder full paper\/forskningsrapporter, SH betyder short paper\/korta presentationer och SY betyder symposium.)<\/p>\n<p>Konferensen \u00e4ger rum p\u00e5 Linneuniversitetet, V\u00e4xj\u00f6, i hus B, D och K. Du finner en beskrivning av hur du enklast tar dig till universitetet <a href=\"https:\/\/lnu.se\/mot-linneuniversitetet\/kontakta-och-besoka\/\">h\u00e4r<\/a> <span style=\"display: inline !important; float: none; background-color: #ffffff; color: #141412; cursor: text; font-family: 'Source Sans Pro',Helvetica,sans-serif; font-size: 16px; font-style: normal; font-variant: normal; font-weight: 400; letter-spacing: normal; orphans: 2; text-align: left; text-decoration: none; text-indent: 0px; text-transform: none; -webkit-text-stroke-width: 0px; white-space: normal; word-spacing: 0px;\">samt en campuskarta<\/span> <a href=\"https:\/\/lnu.se\/globalassets\/dokument---gemensamma\/lokal--och-serviceavdelningen\/campuskartor\/karta_vaxjo_2019.pdf\">h\u00e4r.<\/a><\/p>\n<p>Registrering kan g\u00f6ras antingen i samband med middagen tisdagen den 14 januari eller p\u00e5 onsdagen den 15 januari.<\/p>\n<p>Nederst p\u00e5 sidan finner ni kontaktuppgifter till programkommitt\u00e9n.<\/p>\n<p>Varmt v\u00e4lkomna!<\/p>\n<h2>Tisdagen den 14 januari<\/h2>\n<h3>18.00-18.30 Registrering Elite Hotel Statt<\/h3>\n<h3>18.30 Middag Elite Hotel Statt (f\u00f6ranm\u00e4lan kr\u00e4vs)<\/h3>\n<p>&nbsp;<\/p>\n<h2><strong><span style=\"font-family: Verdana,Arial,Helvetica,sans-serif;\">O<\/span>nsdagen den 15 januari<\/strong><\/h2>\n<h3>8.30-9.00 Registrering (utanf\u00f6r sal Wiksell hus K)<\/h3>\n<h3>9.00-9.15 (sal Wiksell hus K) V\u00e4lkomna<\/h3>\n<h3>9.15-10.15 (sal Wiksell hus K) Plenarf\u00f6rel\u00e4sning 1<\/h3>\n<p>Professor Dame Celia Hoyles, University College, London<strong>:<\/strong> <strong>Programming and Mathematics: Insights from research in England<\/strong><\/p>\n<h3><strong>10.25-11.05 Pass 1<\/strong><\/h3>\n<h6>(sal D0070 hus D)<\/h6>\n<ul>\n<li>(SH) Elisabet Mellroth, Andreas Bergwall: Kollegialt l\u00e4rande kring l\u00e4rsituationer f\u00f6r gymnasieelever med s\u00e4rskild beg\u00e5vning<\/li>\n<li><span style=\"display: inline !important; float: none; background-color: #ffffff; color: #141412; cursor: text; font-family: 'Source Sans Pro',Helvetica,sans-serif; font-size: 16px; font-style: normal; font-variant: normal; font-weight: 400; letter-spacing: normal; orphans: 2; text-align: left; text-decoration: none; text-indent: 0px; text-transform: none; -webkit-text-stroke-width: 0px; white-space: normal; word-spacing: 0px;\">(SH) <\/span>Johan Prytz, Helena Isleborn och Mats Berggren: Socialt risktagande vid kritiskt t\u00e4nkande<\/li>\n<li><span style=\"display: inline !important; float: none; background-color: #ffffff; color: #141412; cursor: text; font-family: 'Source Sans Pro',Helvetica,sans-serif; font-size: 16px; font-style: normal; font-variant: normal; font-weight: 400; letter-spacing: normal; orphans: 2; text-align: left; text-decoration: none; text-indent: 0px; text-transform: none; -webkit-text-stroke-width: 0px; white-space: normal; word-spacing: 0px;\">(SH) <\/span>Johanna Pejlare: Programmering f\u00f6r l\u00e4rande i matematik \u2013 beskrivning av ett forskningsprojekt<\/li>\n<\/ul>\n<h6>(sal D0073 hus D)<\/h6>\n<ul>\n<li><span style=\"display: inline !important; float: none; background-color: #ffffff; color: #141412; cursor: text; font-family: 'Source Sans Pro',Helvetica,sans-serif; font-size: 16px; font-style: normal; font-variant: normal; font-weight: 400; letter-spacing: normal; orphans: 2; text-align: left; text-decoration: none; text-indent: 0px; text-transform: none; -webkit-text-stroke-width: 0px; white-space: normal; word-spacing: 0px;\">(SH) Kristina Juter, \u00d6rjan Hansson, Andreas Redfors: <\/span>Mathematics and physics at upper secondary school: an analysis of two lectures<\/li>\n<li><span style=\"display: inline !important; float: none; background-color: #ffffff; color: #141412; font-family: 'Source Sans Pro',Helvetica,sans-serif; font-size: 16px; font-style: normal; font-variant: normal; font-weight: 400; letter-spacing: normal; orphans: 2; text-align: left; text-decoration: none; text-indent: 0px; text-transform: none; -webkit-text-stroke-width: 0px; white-space: normal; word-spacing: 0px;\"><span style=\"display: inline !important; float: none; background-color: #ffffff; color: #141412; cursor: text; font-family: 'Source Sans Pro',Helvetica,sans-serif; font-size: 16px; font-style: normal; font-variant: normal; font-weight: 400; letter-spacing: normal; orphans: 2; text-align: left; text-decoration: none; text-indent: 0px; text-transform: none; -webkit-text-stroke-width: 0px; white-space: normal; word-spacing: 0px;\">(SH) <\/span>A<\/span>nn-Marie Pendrill: Velocity, acceleration and the experiences of the body \u2013 derivatives and integrals in real life<\/li>\n<li><span style=\"display: inline !important; float: none; background-color: #ffffff; color: #141412; font-family: 'Source Sans Pro',Helvetica,sans-serif; font-size: 16px; font-style: normal; font-variant: normal; font-weight: 400; letter-spacing: normal; orphans: 2; text-align: left; text-decoration: none; text-indent: 0px; text-transform: none; -webkit-text-stroke-width: 0px; white-space: normal; word-spacing: 0px;\"><span style=\"display: inline !important; float: none; background-color: #ffffff; color: #141412; cursor: text; font-family: 'Source Sans Pro',Helvetica,sans-serif; font-size: 16px; font-style: normal; font-variant: normal; font-weight: 400; letter-spacing: normal; orphans: 2; text-align: left; text-decoration: none; text-indent: 0px; text-transform: none; -webkit-text-stroke-width: 0px; white-space: normal; word-spacing: 0px;\">(SH) <\/span>O<\/span>lov Viirman, Magnus Jacobsson: How epistemological characteristics influence the design of a course in projective geometry<\/li>\n<\/ul>\n<h6>(sal D1136 hus D)<\/h6>\n<ul>\n<li>(FP) Robert Gunnarsson, Malin Albinsson<span style=\"display: inline !important; float: none; background-color: #ffffff; color: #141412; font-family: 'Source Sans Pro',Helvetica,sans-serif; font-size: 16px; font-style: normal; font-variant: normal; font-weight: 400; letter-spacing: normal; orphans: 2; text-align: left; text-decoration: none; text-indent: 0px; text-transform: none; -webkit-text-stroke-width: 0px; white-space: normal; word-spacing: 0px;\">: <\/span>A phenomenographic analysis of students\u2019 use of base-ten material<\/li>\n<\/ul>\n<h6>(sal B1006 hus B)<\/h6>\n<ul>\n<li>(FP) Ray P\u00f6rn, Kirsti Hemmi, Paula Kallio-Kujala<span style=\"display: inline !important; float: none; background-color: #ffffff; color: #141412; font-family: 'Source Sans Pro',Helvetica,sans-serif; font-size: 16px; font-style: normal; font-variant: normal; font-weight: 400; letter-spacing: normal; orphans: 2; text-align: left; text-decoration: none; text-indent: 0px; text-transform: none; -webkit-text-stroke-width: 0px; white-space: normal; word-spacing: 0px;\">: <\/span>\u201cProgramming is a new way of thinking\u201d \u2013 Teacher views on programming as a part of the new mathematics curriculum in Finland<\/li>\n<\/ul>\n<h6>(sal B1009 hus B)<\/h6>\n<ul>\n<li><span style=\"display: inline !important; float: none; background-color: #ffffff; color: #141412; cursor: text; font-family: 'Source Sans Pro',Helvetica,sans-serif; font-size: 16px; font-style: normal; font-variant: normal; font-weight: 400; letter-spacing: normal; orphans: 2; text-align: left; text-decoration: none; text-indent: 0px; text-transform: none; -webkit-text-stroke-width: 0px; white-space: normal; word-spacing: 0px;\">(FP)<\/span> Jonas Bergman \u00c4rleb\u00e4ck, Peter Frejd<span style=\"display: inline !important; float: none; background-color: #ffffff; color: #141412; font-family: 'Source Sans Pro',Helvetica,sans-serif; font-size: 16px; font-style: normal; font-variant: normal; font-weight: 400; letter-spacing: normal; orphans: 2; text-align: left; text-decoration: none; text-indent: 0px; text-transform: none; -webkit-text-stroke-width: 0px; white-space: normal; word-spacing: 0px;\">: <\/span>On pre-service secondary teachers\u2019 mathematical content knowledge in statistics<\/li>\n<\/ul>\n<h6>(sal D1140 hus D)<\/h6>\n<ul>\n<li><span style=\"display: inline !important; float: none; background-color: #ffffff; color: #141412; cursor: text; font-family: 'Source Sans Pro',Helvetica,sans-serif; font-size: 16px; font-style: normal; font-variant: normal; font-weight: 400; letter-spacing: normal; orphans: 2; text-align: left; text-decoration: none; text-indent: 0px; text-transform: none; -webkit-text-stroke-width: 0px; white-space: normal; word-spacing: 0px;\">(FP)<\/span> Ingi Heinesen H\u00f8jsted, Maria Alessandra Mariotti<span style=\"display: inline !important; float: none; background-color: #ffffff; color: #141412; font-family: 'Source Sans Pro',Helvetica,sans-serif; font-size: 16px; font-style: normal; font-variant: normal; font-weight: 400; letter-spacing: normal; orphans: 2; text-align: left; text-decoration: none; text-indent: 0px; text-transform: none; -webkit-text-stroke-width: 0px; white-space: normal; word-spacing: 0px;\">: <\/span>Signs emerging from students\u2019 work on a designed dependency task in dynamic geometry<\/li>\n<\/ul>\n<h6>(sal D1172 hus D)<\/h6>\n<ul>\n<li><span style=\"display: inline !important; float: none; background-color: #ffffff; color: #141412; cursor: text; font-family: 'Source Sans Pro',Helvetica,sans-serif; font-size: 16px; font-style: normal; font-variant: normal; font-weight: 400; letter-spacing: normal; orphans: 2; text-align: left; text-decoration: none; text-indent: 0px; text-transform: none; -webkit-text-stroke-width: 0px; white-space: normal; word-spacing: 0px;\">(FP)<\/span> Anna Teledahl, Jan Olsson<span style=\"display: inline !important; float: none; background-color: #ffffff; color: #141412; font-family: 'Source Sans Pro',Helvetica,sans-serif; font-size: 16px; font-style: normal; font-variant: normal; font-weight: 400; letter-spacing: normal; orphans: 2; text-align: left; text-decoration: none; text-indent: 0px; text-transform: none; -webkit-text-stroke-width: 0px; white-space: normal; word-spacing: 0px;\">: <\/span>Students\u2019 use of written and illustrative information in mathematical problem solving<\/li>\n<\/ul>\n<h6>(sal D1143 hus D)<\/h6>\n<ul>\n<li><span style=\"display: inline !important; float: none; background-color: #ffffff; color: #141412; cursor: text; font-family: 'Source Sans Pro',Helvetica,sans-serif; font-size: 16px; font-style: normal; font-variant: normal; font-weight: 400; letter-spacing: normal; orphans: 2; text-align: left; text-decoration: none; text-indent: 0px; text-transform: none; -webkit-text-stroke-width: 0px; white-space: normal; word-spacing: 0px;\">(FP)<\/span> Helena Roos<span style=\"display: inline !important; float: none; background-color: #ffffff; color: #141412; font-family: 'Source Sans Pro',Helvetica,sans-serif; font-size: 16px; font-style: normal; font-variant: normal; font-weight: 400; letter-spacing: normal; orphans: 2; text-align: left; text-decoration: none; text-indent: 0px; text-transform: none; -webkit-text-stroke-width: 0px; white-space: normal; word-spacing: 0px;\">: <\/span>Methodological reflections of repeated interviews on teaching and learning mathematics<\/li>\n<\/ul>\n<h3>11.05-11.35 (foaj\u00e9n i B\/D-huset) Fika<\/h3>\n<h3>11.35-12.15 Pass 2<\/h3>\n<h6>(sal D0070 hus D)<\/h6>\n<ul>\n<li><span style=\"display: inline !important; float: none; background-color: #ffffff; color: #141412; cursor: text; font-family: 'Source Sans Pro',Helvetica,sans-serif; font-size: 16px; font-style: normal; font-variant: normal; font-weight: 400; letter-spacing: normal; orphans: 2; text-align: left; text-decoration: none; text-indent: 0px; text-transform: none; -webkit-text-stroke-width: 0px; white-space: normal; word-spacing: 0px;\">(SH) Andreas Borg : <\/span>The incorporation of programming in mathematical education<\/li>\n<li><span style=\"display: inline !important; float: none; background-color: #ffffff; color: #141412; cursor: text; font-family: 'Source Sans Pro',Helvetica,sans-serif; font-size: 16px; font-style: normal; font-variant: normal; font-weight: 400; letter-spacing: normal; orphans: 2; text-align: left; text-decoration: none; text-indent: 0px; text-transform: none; -webkit-text-stroke-width: 0px; white-space: normal; word-spacing: 0px;\">(SH) Malin Gardesten: <\/span>Relational values \u200b\u200bin inclusive mathematics classrooms \u2013 an intervention study<\/li>\n<li><span style=\"display: inline !important; float: none; background-color: #ffffff; color: #141412; font-family: 'Source Sans Pro',Helvetica,sans-serif; font-size: 16px; font-style: normal; font-variant: normal; font-weight: 400; letter-spacing: normal; orphans: 2; text-align: left; text-decoration: none; text-indent: 0px; text-transform: none; -webkit-text-stroke-width: 0px; white-space: normal; word-spacing: 0px;\"><span style=\"display: inline !important; float: none; background-color: #ffffff; color: #141412; cursor: text; font-family: 'Source Sans Pro',Helvetica,sans-serif; font-size: 16px; font-style: normal; font-variant: normal; font-weight: 400; letter-spacing: normal; orphans: 2; text-align: left; text-decoration: none; text-indent: 0px; text-transform: none; -webkit-text-stroke-width: 0px; white-space: normal; word-spacing: 0px;\">(SH) <\/span>P<\/span>eter Markkanen: Digitala verktyg som st\u00f6d f\u00f6r elevers s\u00e4tt att uppfatta geometriska figurer<\/li>\n<\/ul>\n<h6>(sal D0073 hus D)<\/h6>\n<ul>\n<li><span style=\"display: inline !important; float: none; background-color: #ffffff; color: #141412; cursor: text; font-family: 'Source Sans Pro',Helvetica,sans-serif; font-size: 16px; font-style: normal; font-variant: normal; font-weight: 400; letter-spacing: normal; orphans: 2; text-align: left; text-decoration: none; text-indent: 0px; text-transform: none; -webkit-text-stroke-width: 0px; white-space: normal; word-spacing: 0px;\">(SH) <\/span>Anne Tossavainen<span style=\"display: inline !important; float: none; background-color: #ffffff; color: #141412; font-family: 'Source Sans Pro',Helvetica,sans-serif; font-size: 16px; font-style: normal; font-variant: normal; font-weight: 400; letter-spacing: normal; orphans: 2; text-align: left; text-decoration: none; text-indent: 0px; text-transform: none; -webkit-text-stroke-width: 0px; white-space: normal; word-spacing: 0px;\">: <\/span>Student Teachers\u00b4 Content Knowledge for Solving Elementary School Fraction Exercises<\/li>\n<li><span style=\"display: inline !important; float: none; background-color: #ffffff; color: #141412; cursor: text; font-family: 'Source Sans Pro',Helvetica,sans-serif; font-size: 16px; font-style: normal; font-variant: normal; font-weight: 400; letter-spacing: normal; orphans: 2; text-align: left; text-decoration: none; text-indent: 0px; text-transform: none; -webkit-text-stroke-width: 0px; white-space: normal; word-spacing: 0px;\">(SH) Kristina Juter: <\/span>Pre-service teachers\u2019 explanations of division by zero and denseness of the number line<\/li>\n<li><span style=\"display: inline !important; float: none; background-color: #ffffff; color: #141412; cursor: text; font-family: 'Source Sans Pro',Helvetica,sans-serif; font-size: 16px; font-style: normal; font-variant: normal; font-weight: 400; letter-spacing: normal; orphans: 2; text-align: left; text-decoration: none; text-indent: 0px; text-transform: none; -webkit-text-stroke-width: 0px; white-space: normal; word-spacing: 0px;\">(SH) Anna Wernberg, Jonas Dahl, Cecilia Winstr\u00f6m, Lisa Bj\u00f6rklund Boistrup: <\/span>Critical aspects in mathematics teacher students\u2019 writing of lesson plans<\/li>\n<\/ul>\n<h6>(sal D1136 hus D)<\/h6>\n<ul>\n<li><span style=\"display: inline !important; float: none; background-color: #ffffff; color: #141412; cursor: text; font-family: 'Source Sans Pro',Helvetica,sans-serif; font-size: 16px; font-style: normal; font-variant: normal; font-weight: 400; letter-spacing: normal; orphans: 2; text-align: left; text-decoration: none; text-indent: 0px; text-transform: none; -webkit-text-stroke-width: 0px; white-space: normal; word-spacing: 0px;\">(FP)<\/span> Camilla Bj\u00f6rklund<span style=\"display: inline !important; float: none; background-color: #ffffff; color: #141412; font-family: 'Source Sans Pro',Helvetica,sans-serif; font-size: 16px; font-style: normal; font-variant: normal; font-weight: 400; letter-spacing: normal; orphans: 2; text-align: left; text-decoration: none; text-indent: 0px; text-transform: none; -webkit-text-stroke-width: 0px; white-space: normal; word-spacing: 0px;\">: <\/span>Children\u2019s awareness of numbers\u2019 part-whole relations when bridging through 10<\/li>\n<\/ul>\n<h6>(sal B1006 hus B)<\/h6>\n<ul>\n<li><span style=\"display: inline !important; float: none; background-color: #ffffff; color: #141412; cursor: text; font-family: 'Source Sans Pro',Helvetica,sans-serif; font-size: 16px; font-style: normal; font-variant: normal; font-weight: 400; letter-spacing: normal; orphans: 2; text-align: left; text-decoration: none; text-indent: 0px; text-transform: none; -webkit-text-stroke-width: 0px; white-space: normal; word-spacing: 0px;\">(FP)<\/span> Kajsa Br\u00e5ting, Cecilia Kilhamn, Lennart Rolandsson<span style=\"display: inline !important; float: none; background-color: #ffffff; color: #141412; font-family: 'Source Sans Pro',Helvetica,sans-serif; font-size: 16px; font-style: normal; font-variant: normal; font-weight: 400; letter-spacing: normal; orphans: 2; text-align: left; text-decoration: none; text-indent: 0px; text-transform: none; -webkit-text-stroke-width: 0px; white-space: normal; word-spacing: 0px;\">: <\/span>Integrating programming in Swedish school mathematics: description of a research project<\/li>\n<\/ul>\n<h6>(sal B1009 hus B)<\/h6>\n<ul>\n<li><span style=\"display: inline !important; float: none; background-color: #ffffff; color: #141412; cursor: text; font-family: 'Source Sans Pro',Helvetica,sans-serif; font-size: 16px; font-style: normal; font-variant: normal; font-weight: 400; letter-spacing: normal; orphans: 2; text-align: left; text-decoration: none; text-indent: 0px; text-transform: none; -webkit-text-stroke-width: 0px; white-space: normal; word-spacing: 0px;\">(FP)<\/span> J\u00f6ran Petersson<span style=\"display: inline !important; float: none; background-color: #ffffff; color: #141412; font-family: 'Source Sans Pro',Helvetica,sans-serif; font-size: 16px; font-style: normal; font-variant: normal; font-weight: 400; letter-spacing: normal; orphans: 2; text-align: left; text-decoration: none; text-indent: 0px; text-transform: none; -webkit-text-stroke-width: 0px; white-space: normal; word-spacing: 0px;\">: <\/span>Components of knowledge in solving linear equations<\/li>\n<\/ul>\n<h6>(sal D1140 hus D)<\/h6>\n<ul>\n<li><span style=\"display: inline !important; float: none; background-color: #ffffff; color: #141412; font-family: 'Source Sans Pro',Helvetica,sans-serif; font-size: 16px; font-style: normal; font-variant: normal; font-weight: 400; letter-spacing: normal; orphans: 2; text-align: left; text-decoration: none; text-indent: 0px; text-transform: none; -webkit-text-stroke-width: 0px; white-space: normal; word-spacing: 0px;\">(SY) I<\/span>ben Maj Christiansen, Anna Pansell, Lisa \u00d6sterling: L\u00e4rarutbildningens kunskapsbas \u2013 och hur vi kanske (inte) kan k\u00e4nna igen den<\/li>\n<\/ul>\n<h6>(sal D1172 hus D)<\/h6>\n<ul>\n<li><span style=\"display: inline !important; float: none; background-color: #ffffff; color: #141412; cursor: text; font-family: 'Source Sans Pro',Helvetica,sans-serif; font-size: 16px; font-style: normal; font-variant: normal; font-weight: 400; letter-spacing: normal; orphans: 2; text-align: left; text-decoration: none; text-indent: 0px; text-transform: none; -webkit-text-stroke-width: 0px; white-space: normal; word-spacing: 0px;\">(SY) Aleksander Veraksa, Carme Balaguer, Silje Christensen, Tamsin Meaney: <\/span>Evaluating numeracy apps in different cultural contexts<\/li>\n<\/ul>\n<h6>(sal D1143 hus D)<\/h6>\n<ul>\n<li><span style=\"display: inline !important; float: none; background-color: #ffffff; color: #141412; cursor: text; font-family: 'Source Sans Pro',Helvetica,sans-serif; font-size: 16px; font-style: normal; font-variant: normal; font-weight: 400; letter-spacing: normal; orphans: 2; text-align: left; text-decoration: none; text-indent: 0px; text-transform: none; -webkit-text-stroke-width: 0px; white-space: normal; word-spacing: 0px;\">(FP)<\/span> Cecilie Carlsen Bach<span style=\"display: inline !important; float: none; background-color: #ffffff; color: #141412; font-family: 'Source Sans Pro',Helvetica,sans-serif; font-size: 16px; font-style: normal; font-variant: normal; font-weight: 400; letter-spacing: normal; orphans: 2; text-align: left; text-decoration: none; text-indent: 0px; text-transform: none; -webkit-text-stroke-width: 0px; white-space: normal; word-spacing: 0px;\">: <\/span>Mathematical communication competency in a setting with GeoGebra<\/li>\n<\/ul>\n<h3>12.20-13.00 Pass 3<\/h3>\n<h6>(sal D0070 hus D)<\/h6>\n<ul>\n<li><span style=\"display: inline !important; float: none; background-color: #ffffff; color: #141412; cursor: text; font-family: 'Source Sans Pro',Helvetica,sans-serif; font-size: 16px; font-style: normal; font-variant: normal; font-weight: 400; letter-spacing: normal; orphans: 2; text-align: left; text-decoration: none; text-indent: 0px; text-transform: none; -webkit-text-stroke-width: 0px; white-space: normal; word-spacing: 0px;\">(SH) Frithjof Theens: <\/span>Sources of inequivalence in translated mathematics tasks identified with students\u2019 reflections<\/li>\n<li><span style=\"display: inline !important; float: none; background-color: #ffffff; color: #141412; cursor: text; font-family: 'Source Sans Pro',Helvetica,sans-serif; font-size: 16px; font-style: normal; font-variant: normal; font-weight: 400; letter-spacing: normal; orphans: 2; text-align: left; text-decoration: none; text-indent: 0px; text-transform: none; -webkit-text-stroke-width: 0px; white-space: normal; word-spacing: 0px;\">(SH) Mathias Norqvist:<\/span>Gazing at mathematical reasoning<\/li>\n<\/ul>\n<h6>(sal D0073 hus D)<\/h6>\n<ul>\n<li><span style=\"display: inline !important; float: none; background-color: #ffffff; color: #141412; cursor: text; font-family: 'Source Sans Pro',Helvetica,sans-serif; font-size: 16px; font-style: normal; font-variant: normal; font-weight: 400; letter-spacing: normal; orphans: 2; text-align: left; text-decoration: none; text-indent: 0px; text-transform: none; -webkit-text-stroke-width: 0px; white-space: normal; word-spacing: 0px;\">(SH) Helena Eriksson: <\/span>Algebraic thinking regarding different mathematical contents within early algebra<\/li>\n<li><span style=\"display: inline !important; float: none; background-color: #ffffff; color: #141412; cursor: text; font-family: 'Source Sans Pro',Helvetica,sans-serif; font-size: 16px; font-style: normal; font-variant: normal; font-weight: 400; letter-spacing: normal; orphans: 2; text-align: left; text-decoration: none; text-indent: 0px; text-transform: none; -webkit-text-stroke-width: 0px; white-space: normal; word-spacing: 0px;\">(SH) Oduor Olande: <\/span>Number sense vocabulary: reflections from a pre-school pupil<\/li>\n<li><span style=\"display: inline !important; float: none; background-color: #ffffff; color: #141412; cursor: text; font-family: 'Source Sans Pro',Helvetica,sans-serif; font-size: 16px; font-style: normal; font-variant: normal; font-weight: 400; letter-spacing: normal; orphans: 2; text-align: left; text-decoration: none; text-indent: 0px; text-transform: none; -webkit-text-stroke-width: 0px; white-space: normal; word-spacing: 0px;\">(SH) Maria Walla: Mathematical assessments for six-year-old students in Sweden and Norway<\/span><\/li>\n<\/ul>\n<h6>(sal D1136 hus D)<\/h6>\n<p><span style=\"display: inline !important; float: none; background-color: #ffffff; color: #141412; cursor: text; font-family: 'Source Sans Pro',Helvetica,sans-serif; font-size: 16px; font-style: normal; font-variant: normal; font-weight: 400; letter-spacing: normal; orphans: 2; text-align: left; text-decoration: none; text-indent: 0px; text-transform: none; -webkit-text-stroke-width: 0px; white-space: normal; word-spacing: 0px;\">(FP)<\/span> Martin Nyman<span style=\"display: inline !important; float: none; background-color: #ffffff; color: #141412; font-family: 'Source Sans Pro',Helvetica,sans-serif; font-size: 16px; font-style: normal; font-variant: normal; font-weight: 400; letter-spacing: normal; orphans: 2; text-align: left; text-decoration: none; text-indent: 0px; text-transform: none; -webkit-text-stroke-width: 0px; white-space: normal; word-spacing: 0px;\">: <\/span>Primary students\u2019 expressed emotions towards mathematics education<\/p>\n<h6>(sal B1006 hus B)<\/h6>\n<ul>\n<li><span style=\"display: inline !important; float: none; background-color: #ffffff; color: #141412; cursor: text; font-family: 'Source Sans Pro',Helvetica,sans-serif; font-size: 16px; font-style: normal; font-variant: normal; font-weight: 400; letter-spacing: normal; orphans: 2; text-align: left; text-decoration: none; text-indent: 0px; text-transform: none; -webkit-text-stroke-width: 0px; white-space: normal; word-spacing: 0px;\">(FP)<\/span> Andreas Eckert, Alexandra Hjelte<span style=\"display: inline !important; float: none; background-color: #ffffff; color: #141412; font-family: 'Source Sans Pro',Helvetica,sans-serif; font-size: 16px; font-style: normal; font-variant: normal; font-weight: 400; letter-spacing: normal; orphans: 2; text-align: left; text-decoration: none; text-indent: 0px; text-transform: none; -webkit-text-stroke-width: 0px; white-space: normal; word-spacing: 0px;\">: <\/span>Positioning of programming in mathematics classrooms \u2013 A literature review of evidence based didactical configurations<\/li>\n<\/ul>\n<h6>(sal B1009 hus B)<\/h6>\n<ul>\n<li><span style=\"display: inline !important; float: none; background-color: #ffffff; color: #141412; cursor: text; font-family: 'Source Sans Pro',Helvetica,sans-serif; font-size: 16px; font-style: normal; font-variant: normal; font-weight: 400; letter-spacing: normal; orphans: 2; text-align: left; text-decoration: none; text-indent: 0px; text-transform: none; -webkit-text-stroke-width: 0px; white-space: normal; word-spacing: 0px;\">(FP)<\/span> Jonas Bergman \u00c4rleb\u00e4ck, Peter Frejd<span style=\"display: inline !important; float: none; background-color: #ffffff; color: #141412; font-family: 'Source Sans Pro',Helvetica,sans-serif; font-size: 16px; font-style: normal; font-variant: normal; font-weight: 400; letter-spacing: normal; orphans: 2; text-align: left; text-decoration: none; text-indent: 0px; text-transform: none; -webkit-text-stroke-width: 0px; white-space: normal; word-spacing: 0px;\">: <\/span>Eliciting pre-service secondary teachers\u2019 initial ideas of sampling<\/li>\n<\/ul>\n<h6>(sal D1140 hus B)<\/h6>\n<ul>\n<li><span style=\"display: inline !important; float: none; background-color: #ffffff; color: #141412; font-family: 'Source Sans Pro',Helvetica,sans-serif; font-size: 16px; font-style: normal; font-variant: normal; font-weight: 400; letter-spacing: normal; orphans: 2; text-align: left; text-decoration: none; text-indent: 0px; text-transform: none; -webkit-text-stroke-width: 0px; white-space: normal; word-spacing: 0px;\">(SY-forts\u00e4ttning) I<\/span>ben Maj Christiansen, Anna Pansell, Lisa \u00d6sterling: L\u00e4rarutbildningens kunskapsbas \u2013 och hur vi kanske (inte) kan k\u00e4nna igen den<\/li>\n<\/ul>\n<h6>(sal D1172 hus D)<\/h6>\n<ul>\n<li><span style=\"display: inline !important; float: none; background-color: #ffffff; color: #141412; cursor: text; font-family: 'Source Sans Pro',Helvetica,sans-serif; font-size: 16px; font-style: normal; font-variant: normal; font-weight: 400; letter-spacing: normal; orphans: 2; text-align: left; text-decoration: none; text-indent: 0px; text-transform: none; -webkit-text-stroke-width: 0px; white-space: normal; word-spacing: 0px;\">(SY-forts\u00e4ttning) Aleksander Veraksa, Carme Balaguer, Silje Christensen, Tamsin Meaney: <\/span>Evaluating numeracy apps in different cultural contexts<\/li>\n<\/ul>\n<h6>(sal D1143 hus D)<\/h6>\n<ul>\n<li><span style=\"display: inline !important; float: none; background-color: #ffffff; color: #141412; cursor: text; font-family: 'Source Sans Pro',Helvetica,sans-serif; font-size: 16px; font-style: normal; font-variant: normal; font-weight: 400; letter-spacing: normal; orphans: 2; text-align: left; text-decoration: none; text-indent: 0px; text-transform: none; -webkit-text-stroke-width: 0px; white-space: normal; word-spacing: 0px;\">(FP)<\/span> Ida Bergvall, Anneli Dyrvold<span style=\"display: inline !important; float: none; background-color: #ffffff; color: #141412; font-family: 'Source Sans Pro',Helvetica,sans-serif; font-size: 16px; font-style: normal; font-variant: normal; font-weight: 400; letter-spacing: normal; orphans: 2; text-align: left; text-decoration: none; text-indent: 0px; text-transform: none; -webkit-text-stroke-width: 0px; white-space: normal; word-spacing: 0px;\">: <\/span>Towards a theoretical understanding of learning with self-explanation prompts<\/li>\n<\/ul>\n<h3>13.00-14.00 (hus C) Lunch p\u00e5 Restaurang Rasken<\/h3>\n<h3>14.00-15.00 (sal Wiksell hus K) Plenarf\u00f6rel\u00e4sning 2<\/h3>\n<p><strong>Professor\u00a0Paul\u00a0Drijvers,\u00a0Freudenthal\u00a0Institute,\u00a0Utrecht\u00a0University\u00a0and\u00a0HU\u00a0University of\u00a0Applied\u00a0Sciences\u00a0Utrech, Utrech: Computational thinking in the mathematics classroom\u00a0<\/strong><\/p>\n<h3>15.00-15.30 (sal Wiksell hus K) \u00c5rsm\u00f6te SMDF<\/h3>\n<h3>15.30-16.00 (foaj\u00e9n i B\/D-huset) Fika<\/h3>\n<h3>16.00-16.40 Pass 4<\/h3>\n<h6>(sal D0070 hus D)<\/h6>\n<ul>\n<li><span style=\"display: inline !important; float: none; background-color: #ffffff; color: #141412; cursor: text; font-family: 'Source Sans Pro',Helvetica,sans-serif; font-size: 16px; font-style: normal; font-variant: normal; font-weight: 400; letter-spacing: normal; orphans: 2; text-align: left; text-decoration: none; text-indent: 0px; text-transform: none; -webkit-text-stroke-width: 0px; white-space: normal; word-spacing: 0px;\">(SH) Ewa Bergqvist, Tomas Bergqvist, Ulrika Wikstr\u00f6m Hultdin, Lotta Vingsle, Magnus \u00d6sterholm: <\/span>How mathematical symbols and natural language is used in teachers\u2019 presentations<\/li>\n<li><span style=\"display: inline !important; float: none; background-color: #ffffff; color: #141412; cursor: text; font-family: 'Source Sans Pro',Helvetica,sans-serif; font-size: 16px; font-style: normal; font-variant: normal; font-weight: 400; letter-spacing: normal; orphans: 2; text-align: left; text-decoration: none; text-indent: 0px; text-transform: none; -webkit-text-stroke-width: 0px; white-space: normal; word-spacing: 0px;\">(SH) Ewa Bergqvist, Bert Jonsson, Magnus \u00d6sterholm:<\/span>The processing of mathematical symbols in working memory<\/li>\n<li><span style=\"display: inline !important; float: none; background-color: #ffffff; color: #141412; cursor: text; font-family: 'Source Sans Pro',Helvetica,sans-serif; font-size: 16px; font-style: normal; font-variant: normal; font-weight: 400; letter-spacing: normal; orphans: 2; text-align: left; text-decoration: none; text-indent: 0px; text-transform: none; -webkit-text-stroke-width: 0px; white-space: normal; word-spacing: 0px;\">(SH) Ewa Bergqvist, Tomas Bergqvist, Lotta Vingsle, Ulrika Wikstr\u00f6m Hultdin, Magnus \u00d6sterholm: <\/span>How mathematical symbols and natural language are integrated in textbooks<\/li>\n<\/ul>\n<h6>(sal D1136 hus D)<\/h6>\n<ul>\n<li><span style=\"display: inline !important; float: none; background-color: #ffffff; color: #141412; cursor: text; font-family: 'Source Sans Pro',Helvetica,sans-serif; font-size: 16px; font-style: normal; font-variant: normal; font-weight: 400; letter-spacing: normal; orphans: 2; text-align: left; text-decoration: none; text-indent: 0px; text-transform: none; -webkit-text-stroke-width: 0px; white-space: normal; word-spacing: 0px;\">(FP)<\/span> Camilla Bj\u00f6rklund, Hanna Palm\u00e9r: <span style=\"display: inline !important; float: none; background-color: #ffffff; color: #141412; cursor: text; font-family: 'Source Sans Pro',Helvetica,sans-serif; font-size: 16px; font-style: normal; font-variant: normal; font-weight: 400; letter-spacing: normal; orphans: 2; text-align: left; text-decoration: none; text-indent: 0px; text-transform: none; -webkit-text-stroke-width: 0px; white-space: normal; word-spacing: 0px;\">\u00a0\u00a0<\/span>Designing a tool for exploring toddlers\u2019 number knowledge in preschool<\/li>\n<\/ul>\n<h6>(sal B1006 hus B)<\/h6>\n<ul>\n<li><span style=\"display: inline !important; float: none; background-color: #ffffff; color: #141412; cursor: text; font-family: 'Source Sans Pro',Helvetica,sans-serif; font-size: 16px; font-style: normal; font-variant: normal; font-weight: 400; letter-spacing: normal; orphans: 2; text-align: left; text-decoration: none; text-indent: 0px; text-transform: none; -webkit-text-stroke-width: 0px; white-space: normal; word-spacing: 0px;\">(FP)<\/span> Eva Nor\u00e9n, Laura Caligari<span style=\"display: inline !important; float: none; background-color: #ffffff; color: #141412; font-family: 'Source Sans Pro',Helvetica,sans-serif; font-size: 16px; font-style: normal; font-variant: normal; font-weight: 400; letter-spacing: normal; orphans: 2; text-align: left; text-decoration: none; text-indent: 0px; text-transform: none; -webkit-text-stroke-width: 0px; white-space: normal; word-spacing: 0px;\">: <\/span>Practices in multilingual mathematics classrooms: word problems<\/li>\n<\/ul>\n<h6>(sal B1009 hus B)<\/h6>\n<ul>\n<li><span style=\"display: inline !important; float: none; background-color: #ffffff; color: #141412; cursor: text; font-family: 'Source Sans Pro',Helvetica,sans-serif; font-size: 16px; font-style: normal; font-variant: normal; font-weight: 400; letter-spacing: normal; orphans: 2; text-align: left; text-decoration: none; text-indent: 0px; text-transform: none; -webkit-text-stroke-width: 0px; white-space: normal; word-spacing: 0px;\">(FP)<\/span> Jane Tuominen, Charlotta Andersson, Lisa Bj\u00f6rklund Boistrup<span style=\"display: inline !important; float: none; background-color: #ffffff; color: #141412; font-family: 'Source Sans Pro',Helvetica,sans-serif; font-size: 16px; font-style: normal; font-variant: normal; font-weight: 400; letter-spacing: normal; orphans: 2; text-align: left; text-decoration: none; text-indent: 0px; text-transform: none; -webkit-text-stroke-width: 0px; white-space: normal; word-spacing: 0px;\">: <\/span>Critical aspects identified when equations were explored as a part-whole structure<\/li>\n<\/ul>\n<h6>(sal D1140 hus D)<\/h6>\n<ul>\n<li><span style=\"display: inline !important; float: none; background-color: #ffffff; color: #141412; cursor: text; font-family: 'Source Sans Pro',Helvetica,sans-serif; font-size: 16px; font-style: normal; font-variant: normal; font-weight: 400; letter-spacing: normal; orphans: 2; text-align: left; text-decoration: none; text-indent: 0px; text-transform: none; -webkit-text-stroke-width: 0px; white-space: normal; word-spacing: 0px;\">(FP)<\/span> Maria Fahlgren, Mats Brunstr\u00f6m<span style=\"display: inline !important; float: none; background-color: #ffffff; color: #141412; font-family: 'Source Sans Pro',Helvetica,sans-serif; font-size: 16px; font-style: normal; font-variant: normal; font-weight: 400; letter-spacing: normal; orphans: 2; text-align: left; text-decoration: none; text-indent: 0px; text-transform: none; -webkit-text-stroke-width: 0px; white-space: normal; word-spacing: 0px;\">: <\/span>Connected Classroom Technology to monitor, select and sequence student responses<\/li>\n<\/ul>\n<h6>(sal D1172 hus D)<\/h6>\n<ul>\n<li><span style=\"display: inline !important; float: none; background-color: #ffffff; color: #141412; cursor: text; font-family: 'Source Sans Pro',Helvetica,sans-serif; font-size: 16px; font-style: normal; font-variant: normal; font-weight: 400; letter-spacing: normal; orphans: 2; text-align: left; text-decoration: none; text-indent: 0px; text-transform: none; -webkit-text-stroke-width: 0px; white-space: normal; word-spacing: 0px;\">(FP)<\/span> Hanna Fredriksdotter, Niklas Nor\u00e9n, Kajsa Br\u00e5ting<span style=\"display: inline !important; float: none; background-color: #ffffff; color: #141412; font-family: 'Source Sans Pro',Helvetica,sans-serif; font-size: 16px; font-style: normal; font-variant: normal; font-weight: 400; letter-spacing: normal; orphans: 2; text-align: left; text-decoration: none; text-indent: 0px; text-transform: none; -webkit-text-stroke-width: 0px; white-space: normal; word-spacing: 0px;\">: <\/span>Investigating grade 6 students\u2019 mathematical problem solving in small group interaction<\/li>\n<\/ul>\n<h6>(sal D1143 hus D)<\/h6>\n<ul>\n<li><span style=\"display: inline !important; float: none; background-color: #ffffff; color: #141412; cursor: text; font-family: 'Source Sans Pro',Helvetica,sans-serif; font-size: 16px; font-style: normal; font-variant: normal; font-weight: 400; letter-spacing: normal; orphans: 2; text-align: left; text-decoration: none; text-indent: 0px; text-transform: none; -webkit-text-stroke-width: 0px; white-space: normal; word-spacing: 0px;\">(FP)<\/span> Miguel Perez<span style=\"display: inline !important; float: none; background-color: #ffffff; color: #141412; font-family: 'Source Sans Pro',Helvetica,sans-serif; font-size: 16px; font-style: normal; font-variant: normal; font-weight: 400; letter-spacing: normal; orphans: 2; text-align: left; text-decoration: none; text-indent: 0px; text-transform: none; -webkit-text-stroke-width: 0px; white-space: normal; word-spacing: 0px;\">: <\/span>Five roles of the designer<\/li>\n<\/ul>\n<h6>(sal D0073 hus D)<\/h6>\n<ul>\n<li><span style=\"display: inline !important; float: none; background-color: #ffffff; color: #141412; cursor: text; font-family: 'Source Sans Pro',Helvetica,sans-serif; font-size: 16px; font-style: normal; font-variant: normal; font-weight: 400; letter-spacing: normal; orphans: 2; text-align: left; text-decoration: none; text-indent: 0px; text-transform: none; -webkit-text-stroke-width: 0px; white-space: normal; word-spacing: 0px;\">(FP)<\/span> Cecilie Carlsen Bach, Mathilde Kj\u00e6r Pedersen, Rikke Maagaard Gregersen, Uffe Thomas Jankvist<span style=\"display: inline !important; float: none; background-color: #ffffff; color: #141412; font-family: 'Source Sans Pro',Helvetica,sans-serif; font-size: 16px; font-style: normal; font-variant: normal; font-weight: 400; letter-spacing: normal; orphans: 2; text-align: left; text-decoration: none; text-indent: 0px; text-transform: none; -webkit-text-stroke-width: 0px; white-space: normal; word-spacing: 0px;\">: <\/span>On the notion of \u2018background and foreground\u2019 in networking of theories<\/li>\n<\/ul>\n<h3>16.45-17.25 Pass 5<\/h3>\n<h6>(sal D0070 hus D)<\/h6>\n<ul>\n<li>(SH) Andreas Ebbelind<span style=\"display: inline !important; float: none; background-color: #ffffff; color: #141412; font-family: 'Source Sans Pro',Helvetica,sans-serif; font-size: 16px; font-style: normal; font-variant: normal; font-weight: 400; letter-spacing: normal; orphans: 2; text-align: left; text-decoration: none; text-indent: 0px; text-transform: none; -webkit-text-stroke-width: 0px; white-space: normal; word-spacing: 0px;\">: <\/span>The role of figured worlds when student teachers become teachers<\/li>\n<li>(SH) Helena Grund\u00e9n<sup>,<\/sup> Hel\u00e9n Sterner: Balancing interests in a research project through internal ethical engagement<\/li>\n<li><span style=\"display: inline !important; float: none; background-color: #ffffff; color: #141412; cursor: text; font-family: 'Source Sans Pro',Helvetica,sans-serif; font-size: 16px; font-style: normal; font-variant: normal; font-weight: 400; letter-spacing: normal; orphans: 2; text-align: left; text-decoration: none; text-indent: 0px; text-transform: none; -webkit-text-stroke-width: 0px; white-space: normal; word-spacing: 0px;\">(SH) Dandan Sun: <\/span>Research on the development of junior middle school mathematics teachers\u2019 beliefs \u2013 from the perspective of history and pedagogy of mathematics<\/li>\n<\/ul>\n<h6>(sal D1136 hus D)<\/h6>\n<ul>\n<li><span style=\"display: inline !important; float: none; background-color: #ffffff; color: #141412; cursor: text; font-family: 'Source Sans Pro',Helvetica,sans-serif; font-size: 16px; font-style: normal; font-variant: normal; font-weight: 400; letter-spacing: normal; orphans: 2; text-align: left; text-decoration: none; text-indent: 0px; text-transform: none; -webkit-text-stroke-width: 0px; white-space: normal; word-spacing: 0px;\">(FP)<\/span> Troels Lange, Tamsin Meaney<span style=\"display: inline !important; float: none; background-color: #ffffff; color: #141412; font-family: 'Source Sans Pro',Helvetica,sans-serif; font-size: 16px; font-style: normal; font-variant: normal; font-weight: 400; letter-spacing: normal; orphans: 2; text-align: left; text-decoration: none; text-indent: 0px; text-transform: none; -webkit-text-stroke-width: 0px; white-space: normal; word-spacing: 0px;\">: <\/span>They saw and dared to call things mathematics: facilitators\u2019 views on mathematical professional development module<\/li>\n<\/ul>\n<h6>(sal B1006 hus B)<\/h6>\n<ul>\n<li><span style=\"display: inline !important; float: none; background-color: #ffffff; color: #141412; cursor: text; font-family: 'Source Sans Pro',Helvetica,sans-serif; font-size: 16px; font-style: normal; font-variant: normal; font-weight: 400; letter-spacing: normal; orphans: 2; text-align: left; text-decoration: none; text-indent: 0px; text-transform: none; -webkit-text-stroke-width: 0px; white-space: normal; word-spacing: 0px;\">(FP)<\/span> Ulrika Ryan, Petra Svensson K\u00e4llberg, Lisa Bj\u00f6rklund Boistrup<span style=\"display: inline !important; float: none; background-color: #ffffff; color: #141412; font-family: 'Source Sans Pro',Helvetica,sans-serif; font-size: 16px; font-style: normal; font-variant: normal; font-weight: 400; letter-spacing: normal; orphans: 2; text-align: left; text-decoration: none; text-indent: 0px; text-transform: none; -webkit-text-stroke-width: 0px; white-space: normal; word-spacing: 0px;\">:<\/span>Unpacking \u201cLanguage As Resource\u201d\u2013 the case of mathematics education in Sweden<\/li>\n<\/ul>\n<h6>(sal B1009 hus B)<\/h6>\n<ul>\n<li><span style=\"display: inline !important; float: none; background-color: #ffffff; color: #141412; cursor: text; font-family: 'Source Sans Pro',Helvetica,sans-serif; font-size: 16px; font-style: normal; font-variant: normal; font-weight: 400; letter-spacing: normal; orphans: 2; text-align: left; text-decoration: none; text-indent: 0px; text-transform: none; -webkit-text-stroke-width: 0px; white-space: normal; word-spacing: 0px;\">(FP)<\/span> Linda Marie Ahl, Ola Helenius<span style=\"display: inline !important; float: none; background-color: #ffffff; color: #141412; font-family: 'Source Sans Pro',Helvetica,sans-serif; font-size: 16px; font-style: normal; font-variant: normal; font-weight: 400; letter-spacing: normal; orphans: 2; text-align: left; text-decoration: none; text-indent: 0px; text-transform: none; -webkit-text-stroke-width: 0px; white-space: normal; word-spacing: 0px;\">: <\/span>Polysemy and the role of representations for progress in conceptual knowledge<\/li>\n<\/ul>\n<h6>(sal D1140 hus D)<\/h6>\n<ul>\n<li><span style=\"display: inline !important; float: none; background-color: #ffffff; color: #141412; cursor: text; font-family: 'Source Sans Pro',Helvetica,sans-serif; font-size: 16px; font-style: normal; font-variant: normal; font-weight: 400; letter-spacing: normal; orphans: 2; text-align: left; text-decoration: none; text-indent: 0px; text-transform: none; -webkit-text-stroke-width: 0px; white-space: normal; word-spacing: 0px;\">(FP)<\/span> Anette Bagger<span style=\"display: inline !important; float: none; background-color: #ffffff; color: #141412; font-family: 'Source Sans Pro',Helvetica,sans-serif; font-size: 16px; font-style: normal; font-variant: normal; font-weight: 400; letter-spacing: normal; orphans: 2; text-align: left; text-decoration: none; text-indent: 0px; text-transform: none; -webkit-text-stroke-width: 0px; white-space: normal; word-spacing: 0px;\">: <\/span>Sustainable assessment in mathematics: a matter of access and participation<\/li>\n<\/ul>\n<h6>(sal D1172 hus D)<\/h6>\n<ul>\n<li><span style=\"display: inline !important; float: none; background-color: #ffffff; color: #141412; cursor: text; font-family: 'Source Sans Pro',Helvetica,sans-serif; font-size: 16px; font-style: normal; font-variant: normal; font-weight: 400; letter-spacing: normal; orphans: 2; text-align: left; text-decoration: none; text-indent: 0px; text-transform: none; -webkit-text-stroke-width: 0px; white-space: normal; word-spacing: 0px;\">(FP)<\/span> Anna Ida S\u00e4fstr\u00f6m, Johan Lithner<span style=\"display: inline !important; float: none; background-color: #ffffff; color: #141412; font-family: 'Source Sans Pro',Helvetica,sans-serif; font-size: 16px; font-style: normal; font-variant: normal; font-weight: 400; letter-spacing: normal; orphans: 2; text-align: left; text-decoration: none; text-indent: 0px; text-transform: none; -webkit-text-stroke-width: 0px; white-space: normal; word-spacing: 0px;\">: <\/span>Problem solving as a learning activity \u2013 an initial theoretical model<\/li>\n<\/ul>\n<h6>(sal D1143 hus D)<\/h6>\n<ul>\n<li><span style=\"display: inline !important; float: none; background-color: #ffffff; color: #141412; cursor: text; font-family: 'Source Sans Pro',Helvetica,sans-serif; font-size: 16px; font-style: normal; font-variant: normal; font-weight: 400; letter-spacing: normal; orphans: 2; text-align: left; text-decoration: none; text-indent: 0px; text-transform: none; -webkit-text-stroke-width: 0px; white-space: normal; word-spacing: 0px;\">(FP)<\/span> Per Nilsson<span style=\"display: inline !important; float: none; background-color: #ffffff; color: #141412; font-family: 'Source Sans Pro',Helvetica,sans-serif; font-size: 16px; font-style: normal; font-variant: normal; font-weight: 400; letter-spacing: normal; orphans: 2; text-align: left; text-decoration: none; text-indent: 0px; text-transform: none; -webkit-text-stroke-width: 0px; white-space: normal; word-spacing: 0px;\">: <\/span>Conceptual knowledge in mathematics \u2013 engaging in the game of giving and asking for reasons<\/li>\n<\/ul>\n<h3>Programkommitt\u00e9n f\u00f6r Madif-12 (i bokstavsordning)<\/h3>\n<ul>\n<li>Lisa Bj\u00f6rklund Boistrup, Malm\u00f6 universitet, lisa.bjorklund.boistrup@mau.se<\/li>\n<li>Johan H\u00e4ggstr\u00f6m (ordf.), NCM, G\u00f6teborgs universitet, johan.haggstrom@ncm.gu.se<\/li>\n<li>Yvonne Liljekvist, Karlstad universitet, Yvonne.Liljekvist@kau.se<\/li>\n<li>Linda Mattsson, Blekinge Tekniska H\u00f6gskola, linda.mattsson@bth.se<\/li>\n<li>Oduor Olande, Linn\u00e9universitetet, oduor.olande@lnu.se<\/li>\n<li>Hanna Palm\u00e9r, <span style=\"display: inline !important; float: none; background-color: #ffffff; color: #141412; cursor: text; font-family: 'Source Sans Pro',Helvetica,sans-serif; font-size: 16px; font-style: normal; font-variant: normal; font-weight: 400; letter-spacing: normal; orphans: 2; text-align: left; text-decoration: none; text-indent: 0px; text-transform: none; -webkit-text-stroke-width: 0px; white-space: normal; word-spacing: 0px;\">Linn\u00e9universitetet,<\/span> hanna.palmer@lnu.se<\/li>\n<\/ul>\n<p>&nbsp;<\/p>\n","protected":false},"excerpt":{"rendered":"<p>Program f\u00f6r Madif-12 \u00c5rets tema \u00e4r Sustainable mathematics education in a digitalized World, men du kommer att m\u00f6ta m\u00e5nga andra sp\u00e4nnande inriktningar bland konferensbidragen. Nedan finner du ett detaljerat program med presentat\u00f6rer, bidrag och salsangivelser. (FP betyder full paper\/forskningsrapporter, SH betyder short paper\/korta presentationer och SY betyder symposium.) Konferensen \u00e4ger rum p\u00e5 Linneuniversitetet, V\u00e4xj\u00f6, i &hellip; <a href=\"http:\/\/matematikdidaktik.org\/index.php\/program-for-madif-12\/\" class=\"more-link\">Forts\u00e4tt l\u00e4sa <span class=\"screen-reader-text\">V\u00e4lkommen till MADIF-12!<\/span> <span class=\"meta-nav\">&rarr;<\/span><\/a><\/p>\n","protected":false},"author":3,"featured_media":0,"parent":0,"menu_order":0,"comment_status":"closed","ping_status":"closed","template":"","meta":{"footnotes":""},"class_list":["post-917","page","type-page","status-publish","hentry"],"_links":{"self":[{"href":"http:\/\/matematikdidaktik.org\/index.php\/wp-json\/wp\/v2\/pages\/917","targetHints":{"allow":["GET"]}}],"collection":[{"href":"http:\/\/matematikdidaktik.org\/index.php\/wp-json\/wp\/v2\/pages"}],"about":[{"href":"http:\/\/matematikdidaktik.org\/index.php\/wp-json\/wp\/v2\/types\/page"}],"author":[{"embeddable":true,"href":"http:\/\/matematikdidaktik.org\/index.php\/wp-json\/wp\/v2\/users\/3"}],"replies":[{"embeddable":true,"href":"http:\/\/matematikdidaktik.org\/index.php\/wp-json\/wp\/v2\/comments?post=917"}],"version-history":[{"count":74,"href":"http:\/\/matematikdidaktik.org\/index.php\/wp-json\/wp\/v2\/pages\/917\/revisions"}],"predecessor-version":[{"id":1484,"href":"http:\/\/matematikdidaktik.org\/index.php\/wp-json\/wp\/v2\/pages\/917\/revisions\/1484"}],"wp:attachment":[{"href":"http:\/\/matematikdidaktik.org\/index.php\/wp-json\/wp\/v2\/media?parent=917"}],"curies":[{"name":"wp","href":"https:\/\/api.w.org\/{rel}","templated":true}]}}